{"id":781,"date":"2023-01-06T02:15:36","date_gmt":"2023-01-06T01:15:36","guid":{"rendered":"https:\/\/ccfs2023.ch\/wettbewerb\/experten\/"},"modified":"2023-01-06T02:17:21","modified_gmt":"2023-01-06T01:17:21","slug":"experten","status":"publish","type":"page","link":"https:\/\/ccfs2023.lburgy.ch\/de\/wettbewerb\/experten\/","title":{"rendered":"Experten"},"content":{"rendered":"<p>[vc_row][vc_column width=&#8220;1\/1&#8243;][vc_tabs][vc_tab gutter_size=&#8220;2&#8243; column_padding=&#8220;2&#8243; title=&#8220;Holz&#8220; tab_id=&#8220;1672927963-1-50&#8243;][vc_row_inner][vc_column_inner width=&#8220;3\/4&#8243;][vc_custom_heading uncode_shortcode_id=&#8220;676254&#8243;]Dany Rossier[\/vc_custom_heading][vc_column_text uncode_shortcode_id=&#8220;126765&#8243;]N\u00e9 en 1981 en Valais, Dany Rossier \u00e9tudie la musique d\u00e8s son plus jeune \u00e2ge. D\u00e9j\u00e0 attir\u00e9 enfant par la clarinette, il commence toutefois des \u00e9tudes de piano, qu\u2019il poursuit durant 4 ans.<\/p>\n<p>Il aborde ensuite l\u2019\u00e9tude de la clarinette avec Dominique Tacchini \u00e0 Martigny, chez qui il obtient le Certificat sup\u00e9rieur de l\u2019Association suisse de musique.<\/p>\n<p>Passionn\u00e9 par l\u2019\u00e9tude de la clarinette, il s\u2019inscrit avec succ\u00e8s au Conservatoire de Lausanne, dans la classe de Fr\u00e9d\u00e9ric Rapin, o\u00f9 il passe en juin 2005 un Dipl\u00f4me d\u2019Enseignement, avec prix de p\u00e9dagogie et f\u00e9licitations du jury. Il poursuit ses \u00e9tudes au Conservatoire de Lausanne, o\u00f9 il obtient, en mai 2007, un Dipl\u00f4me de Concert, avec mention excellent.<\/p>\n<p>Dany Rossier s\u2019int\u00e9resse \u00e9galement \u00e0 l\u2019art choral et dirige des ch\u0153urs mixtes d\u00e8s 2003. De plus, il dirige aussi des formations instrumentales, telles que des brass band, des orchestres \u00e0 vent, et diverses formations de spectacle. Il se perfectionne \u00e9galement dans ce domaine, en prenant des cours de direction avec Jean-Claude Kolly, et est cons\u00e9cutivement invit\u00e9 \u00e0 reprendre la direction musicale de l\u2019Harmonie Municipale de Martigny d\u00e8s septembre 2015.<\/p>\n<p>D\u00e8s la fin de ses \u00e9tudes de clarinette, il commence une formation de chanteur, dans la classe de Norbert Carlen, o\u00f9 il obtient en juin 2011 un Certificat avec F\u00e9licitations du jury, puis en juin 2013, un Post-Certificat mention excellent.<\/p>\n<p>Il d\u00e9veloppe aussi une intense activit\u00e9 dans le domaine de la composition, de l\u2019arrangement et de la musique de chambre. Ses compositions et arrangements pour ch\u0153ur, ensemble \u00e0 vent et orchestre de jazz ont d\u00e9j\u00e0 remport\u00e9es, \u00e0 de nombreuses reprises, un vif succ\u00e8s.[\/vc_column_text][\/vc_column_inner][vc_column_inner width=&#8220;1\/4&#8243;][vc_single_image media=&#8220;747&#8243; media_width_percent=&#8220;100&#8243; uncode_shortcode_id=&#8220;155803&#8243;][\/vc_column_inner][\/vc_row_inner][vc_row_inner row_inner_height_percent=&#8220;0&#8243; overlay_alpha=&#8220;50&#8243; gutter_size=&#8220;3&#8243; shift_y=&#8220;0&#8243; z_index=&#8220;0&#8243; uncode_shortcode_id=&#8220;933964&#8243; css=&#8220;.vc_custom_1672932584565{margin-top: 36px !important;}&#8220;][vc_column_inner width=&#8220;3\/4&#8243;][vc_custom_heading uncode_shortcode_id=&#8220;186136&#8243;]Jonas Frossard[\/vc_custom_heading][vc_column_text uncode_shortcode_id=&#8220;886131&#8243;]Jonas Frossard d\u00e9bute la musique \u00e0 l\u2019\u00e2ge de 6 ans. Il apprend le piano puis, d\u00e8s 9 ans, le saxophone \u00e0 l\u2019Ecole de Musique de la Noble-Contr\u00e9e. Il poursuit ses \u00e9tudes au Conservatoire de Sion dans les classes de M. Elie Fumeaux avec qui il obtient un certificat nonprofessionnel.<\/p>\n<p>En 2006, Jonas entreprend des \u00e9tudes professionnelles \u00e0 la Haute Ecole de Musique de Lausanne (HEMU) dans les classes de M. Pierre-St\u00e9phane Meug\u00e9. Il obtient un \u00ab Bachelor \u00bb puis un \u00ab Master p\u00e9dagogique \u00bb. Parall\u00e8lement \u00e0 ses \u00e9tudes de saxophone, il suit des cours de direction avec M. Pascal Favre. Il a eu l\u2019occasion de jouer dans diff\u00e9rents ensembles tels que l\u2019Orchestre du Conservatoire Cantonal du Valais, le HNJ (Harmonie Nationale des Jeunes), l\u2019UBS Verbier Orchestra, le CWO (Chamber Wind Orchestra) ou l\u2019OBO (Oberwalliser Blasorchester).<\/p>\n<p>L\u2019art choral fait \u00e9galement partie de son exp\u00e9rience de musicien, puisqu\u2019il a dirig\u00e9 pendant plus de 10 ans un choeur d\u2019hommes ainsi qu\u2019un atelier durant la F\u00eate Cantonale Valaisanne de Chant en 2018.<\/p>\n<p>Actuellement, il est professeur de musique dans le secondaire I dans diff\u00e9rents \u00e9tablissements du Valais central, il dirige l\u2019Ecole de Musique de la Noble-Contr\u00e9e, \u00e9cole dans laquelle il enseigne le saxophone, et il dirige une harmonie.[\/vc_column_text][\/vc_column_inner][vc_column_inner width=&#8220;1\/4&#8243;][vc_single_image media=&#8220;752&#8243; media_width_percent=&#8220;100&#8243; uncode_shortcode_id=&#8220;132401&#8243;][\/vc_column_inner][\/vc_row_inner][\/vc_tab][vc_tab gutter_size=&#8220;2&#8243; column_padding=&#8220;2&#8243; title=&#8220;Blech&#8220; tab_id=&#8220;1672927963-2-84&#8243;][vc_row_inner row_inner_height_percent=&#8220;0&#8243; overlay_alpha=&#8220;50&#8243; gutter_size=&#8220;3&#8243; shift_y=&#8220;0&#8243; z_index=&#8220;0&#8243; uncode_shortcode_id=&#8220;988674&#8243;][vc_column_inner width=&#8220;3\/4&#8243;][vc_custom_heading uncode_shortcode_id=&#8220;578774&#8243;]Rosario Rizzo[\/vc_custom_heading][vc_column_text uncode_shortcode_id=&#8220;229244&#8243;]Musicien talentueux, \u00e9clectique et passionn\u00e9, Rosario Rizzo, apr\u00e8s avoir obtenu un dipl\u00f4me de trombone avec mention tr\u00e8s bien et f\u00e9licitations du jury, en 2004, \u00e0 Catane chez Salvatore Distefano, il quitte imm\u00e9diatement la Sicile pour la Suisse, o\u00f9 il obtient en 2008 un \u00ab Dipl\u00f4me de Soliste \u00bb et un \u00ab Master en p\u00e9dagogie musicale \u00bb en 2010. Au cours de ces ann\u00e9es, Rosario Rizzo a collabor\u00e9 avec les orchestres les plus c\u00e9l\u00e8bres de la Suisse tels que : l\u2019Orchestre symphonique de B\u00e2le, l\u2019Orchestre de la Tonhalle de Zurich, l\u2019Orchestre de Chambre de Lausanne l\u2019Orchestre Symphonique de Berne, et d\u2019autres encore.<\/p>\n<p>Par ses diverses exp\u00e9riences musicales, il a d\u00e9couvert \u00e9galement des qualit\u00e9s de chef d\u2019orchestre qui l\u2019ont amen\u00e9es, \u00e0 ce jour, \u00e0 diriger plusieurs ensembles de diff\u00e9rents niveaux et diff\u00e9rentes formations. Actuellement il dirige l\u2019orchestre symphonique d\u2019amateur EIN (Ensemble Instrumental Neuch\u00e2tel) ainsi que la fanfare de \u00ab Le Noirmont \u00bb et la \u00ab Musique Militaire de Le Locle \u00bb. Tr\u00e8s actif aussi dans la p\u00e9dagogie, il enseigne le trombone au Conservatoire de Musique Neuch\u00e2telois, au Conservatoire de Lausanne et \u00e0 l\u2019Ecole de Musique du Jura Bernois (EMJB).[\/vc_column_text][\/vc_column_inner][vc_column_inner width=&#8220;1\/4&#8243;][vc_single_image media=&#8220;757&#8243; media_width_percent=&#8220;100&#8243; uncode_shortcode_id=&#8220;224394&#8243;][\/vc_column_inner][\/vc_row_inner][vc_row_inner row_inner_height_percent=&#8220;0&#8243; overlay_alpha=&#8220;50&#8243; gutter_size=&#8220;3&#8243; shift_y=&#8220;0&#8243; z_index=&#8220;0&#8243; uncode_shortcode_id=&#8220;933964&#8243; css=&#8220;.vc_custom_1672932584565{margin-top: 36px !important;}&#8220;][vc_column_inner width=&#8220;3\/4&#8243;][vc_custom_heading uncode_shortcode_id=&#8220;151994&#8243;]Matthias Siegenthaler[\/vc_custom_heading][vc_column_text uncode_shortcode_id=&#8220;966739&#8243;]Matthias Siegenthaler begann als 13-j\u00e4hriger das Cornet zu spielen. Er genoss Unterricht bei seinem Onkel und bei Fritz Graber. Bei Paul Muff kam er erstmals mit der Trompete in Kontakt. Er erreichte mehrmals Podestpl\u00e4tze an schweizerischen Solistenwettbewerben und war Mitglied der NJBB.<\/p>\n<p>Nach der Matura begann er das Studium zum Musiklehrer in der Trompeten-Berufsklasse von Jean-Fran\u00e7ois Michel. Das Lehrdiplom erlangte er mit Auszeichnung. Bei den Dozenten Ludwig Wicki, Thomas R\u00fcedi und Oliver Waespi studierte er Blasmusikdirektion. Auch dieses Studium schloss er mit dem Berufsdiplom ab.<\/p>\n<p>Matthias Siegenthaler war langj\u00e4hriges Mitglied der Brass Band Berner Oberland. Er spielte als Principal- und Soprano-Cornetist mit und amtete als Bandtrainer. Er war Mitglied der Swiss Army Brass Band, wo er w\u00e4hrend einigen Jahren ebenfalls das Principal-Cornet spielte. Auch das Mitwirken als Zuz\u00fcger im Opernhaus Z\u00fcrich und als Principal-Cornetist bei Opera Brass geh\u00f6rt zu seinem Erfahrungsschatz.<\/p>\n<p>Matthias Siegenthaler ist Lehrer an den Musikschulen Burgdorf und Sumiswald, arbeitet in der Firma Musik Zurkinden in Langenthal mit und dirigiert den Brass Band Posaunenchor L\u00fctzelfl\u00fch-Gr\u00fcnenmatt. Er ist als Jurymitglied oder Experte t\u00e4tig, leitet Workshops, ist in Musiklagern anzutreffen und spielt bei verschiedensten Projekten als Trompeter oder Cornetist mit und tritt bei Gelegenheit als Solist auf. Er schreibt Arrangements und Kompositionen und wohnt mit seiner Familie in Affoltern im Emmental.[\/vc_column_text][\/vc_column_inner][vc_column_inner width=&#8220;1\/4&#8243;][vc_single_image media=&#8220;759&#8243; media_width_percent=&#8220;100&#8243; uncode_shortcode_id=&#8220;173383&#8243;][\/vc_column_inner][\/vc_row_inner][vc_row_inner row_inner_height_percent=&#8220;0&#8243; overlay_alpha=&#8220;50&#8243; gutter_size=&#8220;3&#8243; shift_y=&#8220;0&#8243; z_index=&#8220;0&#8243; uncode_shortcode_id=&#8220;933964&#8243; css=&#8220;.vc_custom_1672932584565{margin-top: 36px !important;}&#8220;][vc_column_inner width=&#8220;3\/4&#8243;][vc_custom_heading uncode_shortcode_id=&#8220;126591&#8243;]Laurent Tinguely[\/vc_custom_heading][vc_column_text uncode_shortcode_id=&#8220;125863&#8243;]N\u00e9 \u00e0 Marly, Laurent Tinguely est initi\u00e9 \u00e0 la musique par son p\u00e8re et commence \u00e0 jouer de la trompette \u00e0 l\u2019\u00e2ge de 9 ans. Dix ans plus tard, avant m\u00eame la fin de ses \u00e9tudes au Conservatoire de Fribourg (dans les classes de Philippe Baud et de Jean-Fran\u00e7ois Michel), il entre \u00e0 l\u2019Orchestre de l\u2019Op\u00e9ra de Zurich (Philharmonia Z\u00fcrich), dans lequel il occupe aujourd\u2019hui le poste de trompette solo. Il y c\u00f4toie de grandes personnalit\u00e9s musicales dont les chefs d\u2019orchestre prestigieux Daniele Gatti, Bernard Haitink, Zubin Mehta, Nikolaus Harnoncourt, Christoph von Dohn\u00e1nyi, Nello Santi, Valery Gergiev, Franz Welser-M\u00f6st et Roger Norrington, avec lesquels il r\u00e9alise de nombreux enregistrements. Il est par ailleurs invit\u00e9 \u00e0 jouer r\u00e9guli\u00e8rement avec les principaux orchestres professionnels suisses, en particulier par l\u2019Orchestre de la Tonhalle de Zurich, l\u2019Orchestre de Chambre de Zurich (Z\u00fcrcher Kammerorchester) et l\u2019Orchestre Symphonique de B\u00e2le.<\/p>\n<p>Laurent Tinguely est \u00e9galement professeur de trompette \u00e0 la Haute Ecole des Arts de Zurich (Z\u00fcrcher Hochschule der K\u00fcnste).[\/vc_column_text][\/vc_column_inner][vc_column_inner width=&#8220;1\/4&#8243;][vc_single_image media=&#8220;761&#8243; media_width_percent=&#8220;100&#8243; uncode_shortcode_id=&#8220;566858&#8243;][\/vc_column_inner][\/vc_row_inner][vc_row_inner row_inner_height_percent=&#8220;0&#8243; overlay_alpha=&#8220;50&#8243; gutter_size=&#8220;3&#8243; shift_y=&#8220;0&#8243; z_index=&#8220;0&#8243; uncode_shortcode_id=&#8220;933964&#8243; css=&#8220;.vc_custom_1672932584565{margin-top: 36px !important;}&#8220;][vc_column_inner width=&#8220;3\/4&#8243;][vc_custom_heading uncode_shortcode_id=&#8220;104617&#8243;]Vincent Maurer[\/vc_custom_heading][vc_column_text uncode_shortcode_id=&#8220;345609&#8243;]N\u00e9 en 1985 et originaire d\u2019Aubonne, Vincent Maurer d\u00e9bute son apprentissage musical au cornet \u00e0 l\u2019\u00e9cole de musique de l\u2019\u00e9cho du ch\u00eane d\u2019Aubonne. Il suivra ensuite des cours au conservatoire de Gen\u00e8ve avec G\u00e9rard M\u00e9trailler puis \u00e9tudie l\u2019alto au conservatoire de Lausanne dans la classe de Serge Gros. Il obtient en 2011 un certificat sup\u00e9rieur de cet instrument avec les f\u00e9licitations du jury. Durant cette p\u00e9riode, il participe \u00e0 beaucoup de concours de solistes et quatuors cantonaux et nationaux et se distingue en obtenant de nombreux prix. Il a \u00e9galement \u00e9t\u00e9 membre du brass band national des jeunes et joue \u00e0 l\u2019ensemble de cuivres M\u00e9lodia (brass band de cat\u00e9gorie excellence) depuis 2001, o\u00f9 il occupe actuellement la place d\u2019alto solo. Il a d\u2019ailleurs fond\u00e9 et dirig\u00e9 la formation B de cet ensemble.<\/p>\n<p>Apr\u00e8s une maturit\u00e9 professionnelle commerciale obtenue en 2005, il d\u00e9cide de se consacrer \u00e0 la musique et obtient en 2011 un bachelor d\u2019enseignement de la musique \u00e0 la Haute Ecole de Musique (HEM) de Lausanne. Dans cette m\u00eame \u00e9cole, il int\u00e8gre en 2012 la classe de direction d\u2019ensembles \u00e0 vent de Jean-Claude Kolly et obtient en 2015 un Master of Arts HESSO in Music.<\/p>\n<p>Actuellement, Vincent dirige la fanfare municipale de Nyon (harmonie de 1\u00e8re cat\u00e9gorie), l\u2019\u00e9cho du ch\u00eane d\u2019Aubonne (Brass Band de 1\u00e8re cat\u00e9gorie) et l\u2019ensemble des jeunes des \u00e9coles de musique d\u2019Aubonne, Etoy et St-Livres.<\/p>\n<p>Tr\u00e8s impliqu\u00e9 dans la formation, il enseigne les cuivres \u00e0 l\u2019\u00e9cole de musique multisite, \u00e9cole pour laquelle il occupe \u00e9galement les fonctions de doyen cuivre et admin. Il est \u00e9galement membre de la commission de musique de la Soci\u00e9t\u00e9 Cantonale des musiques Vaudoises (SCMV) et responsable du camp musical de la C\u00f4te-est qui regroupe chaque ann\u00e9e une septantaine de jeunes de cette r\u00e9gion.[\/vc_column_text][\/vc_column_inner][vc_column_inner width=&#8220;1\/4&#8243;][vc_single_image media=&#8220;764&#8243; media_width_percent=&#8220;100&#8243; uncode_shortcode_id=&#8220;134241&#8243;][\/vc_column_inner][\/vc_row_inner][\/vc_tab][vc_tab gutter_size=&#8220;2&#8243; column_padding=&#8220;2&#8243; title=&#8220;Perkussion&#8220; tab_id=&#8220;1672928423782-4-0&#8243;][vc_row_inner][vc_column_inner width=&#8220;3\/4&#8243;][vc_custom_heading uncode_shortcode_id=&#8220;829998&#8243;]Romain Kuonen[\/vc_custom_heading][vc_column_text uncode_shortcode_id=&#8220;743874&#8243;]Apr\u00e8s une formation d\u2019\u00e9b\u00e9niste, Romain Kuonen entre au Conservatoire de Lausanne o\u00f9 il y d\u00e9croche successivement le dipl\u00f4me d\u2019enseignement, puis le dipl\u00f4me de concert. Laur\u00e9at de la bourse de la Fondation Leenaards, il part se perfectionner au Conservatorium van Amsterdam aupr\u00e8s des timbaliers et percussionnistes du prestigieux Koninklijk Concertgebouworkest avec notamment Nick Woud, Jan Pustjens, Peter Prommel et Gustavo Gimeno.<\/p>\n<p>Attir\u00e9 par la musique baroque et de la Renaissance, ses recherches l\u2019am\u00e8nent \u00e0 travailler sur une nouvelle famille de percussion : les tambours sur cadre. Il a parfait sa connaissance de ces instruments en sillonant l\u2019Europe notamment en Espagne, en Allemagne, en Turquie, en Italie, en Gr\u00e8ce et en Iran. Ses ma\u00eetres sont Glen Velez, N. Scott Robinson, Pedro Estevan, Micha\u00ebl Metzler, Andrea Piccioni, Zohar Fresco, Bijan Chemirani et Pejman Hadadi.<\/p>\n<p>Suite \u00e0 ses recherches, il a pu collaborer avec la pianiste Novin Afrouz et son ensemble iranien \u00ab les routes de la soie \u00bb ainsi qu\u2019avec Ariana Savall, et Petter Udland pour diff\u00e9rents projets de musique ancienne.<\/p>\n<p>Passionn\u00e9 de voyage et de moto, ils se retrouvent souvent \u00e0 jouer avec des musiciens de musique traditionnelle comme dans l\u2019est de la Turquie aupr\u00e8s des Kurdes, en G\u00e9orgie, en Arm\u00e9nie, en Iran ou en Mongolie. Ces rencontres vont le nourrir d\u2019une dimension spirituelle de la musique.<\/p>\n<p>D\u00e8s l\u2019\u00e2ge de 20 ans, il partira une dizaine de fois \u00e0 Cuba pour se frotter au parfum des percussions cubaines qu\u2019il peut d\u00e9sormais pratiquer dans le groupe de Charanga Siga Volando. Il a suivi \u00e9galement des cours de perfectionnement sur les timbales baroques \u00e0 la Schola Cantorum de B\u00e2le avec Philip Tarr et participe aux ateliers de trompettes et timbales de Jean-Fran\u00e7ois Madeuf.<\/p>\n<p>Il est professeur dans plusieurs \u00e9tablissements, dont l\u2019HEMU, le Conservatoire de Lausanne et de Sion.<\/p>\n<p>Il se produit au sein des ensembles comme L\u2019Ensemble de Joux, l\u2019Acad\u00e9mie des Concerts de Lyon, Ensemble baroque du L\u00e9man, Abaldir, Siga Volando et comme suppl\u00e9mentaire \u00e0 L\u2019Orchestre de Chambre de Lausanne.[\/vc_column_text][\/vc_column_inner][vc_column_inner width=&#8220;1\/4&#8243;][vc_single_image media=&#8220;769&#8243; media_width_percent=&#8220;100&#8243; uncode_shortcode_id=&#8220;314454&#8243;][\/vc_column_inner][\/vc_row_inner][vc_row_inner row_inner_height_percent=&#8220;0&#8243; overlay_alpha=&#8220;50&#8243; gutter_size=&#8220;3&#8243; shift_y=&#8220;0&#8243; z_index=&#8220;0&#8243; uncode_shortcode_id=&#8220;168090&#8243; css=&#8220;.vc_custom_1672966956769{margin-top: 36px !important;}&#8220;][vc_column_inner width=&#8220;3\/4&#8243;][vc_custom_heading uncode_shortcode_id=&#8220;106580&#8243;]Ami Rossier[\/vc_custom_heading][vc_column_text uncode_shortcode_id=&#8220;185517&#8243;]N\u00e9 en 1987, Ami Rossier a suivi une formation en percussion classique et en p\u00e9dagogie au conservatoire de Lausanne, d\u2019o\u00f9 il ressort dipl\u00f4m\u00e9 en 2011. Il part ensuite \u00e0 B\u00e2le \u00e9tudier la musique contemporaine et le r\u00e9pertoire solo de percussion, et termine en 2013 un master de performance.<\/p>\n<p>Parall\u00e8lement \u00e0 ses \u00e9tudes, il s\u2019engage \u00e0 l\u2019arm\u00e9e dans la musique militaire et se perfectionne au tambour traditionnel suisse. Il joue aussi dans divers projets d\u2019orchestre, de musique de chambre et participe \u00e0 des spectacles en collaboration avec le monde du th\u00e9\u00e2tre et du cirque.<\/p>\n<p>Aujourd\u2019hui, il partage son temps entre l\u2019enseignement au sein de l\u2019\u00e9cole de musique Multisite et ses activit\u00e9s dans le domaine des musiques actuelles \u00e0 la batterie.[\/vc_column_text][\/vc_column_inner][vc_column_inner width=&#8220;1\/4&#8243;][vc_single_image media=&#8220;773&#8243; media_width_percent=&#8220;100&#8243; uncode_shortcode_id=&#8220;152553&#8243;][\/vc_column_inner][\/vc_row_inner][\/vc_tab][vc_tab gutter_size=&#8220;2&#8243; column_padding=&#8220;2&#8243; title=&#8220;Kleinformationen&#8220; tab_id=&#8220;1672928394165-2-10&#8243;][vc_row_inner][vc_column_inner width=&#8220;3\/4&#8243;][vc_custom_heading uncode_shortcode_id=&#8220;138059&#8243;]Valentina Rebaudo[\/vc_custom_heading][vc_column_text uncode_shortcode_id=&#8220;184307&#8243;]Clarinettiste d\u2019origine italienne, Valentina Rebaudo est issue du Conservatoire National de R\u00e9gion de Nice, de la Musikhochschule de Freiburg im Breisgau et de la Haute Ecole de Musique de Lausanne.<\/p>\n<p>Membre de l\u2019Orchestre Sinfonietta de Lausanne et tr\u00e8s active en musique de chambre, elle fait \u00e9galement \u0153uvre de pionni\u00e8re par la promotion de la musique comme forme de r\u00e9sistance non-violente : elle monte des projets p\u00e9dagogiques dans les camps de r\u00e9fugi\u00e9s palestiniens, au Mexique, au Paraguay\u2026<\/p>\n<p>Elle est \u00e9galement directrice artistique de deux festivals de musique de chambre pour enfants, l\u2019un \u00e0 Romanel-sur-Lausanne, l\u2019autre \u00e0 Pigna (Italie).<\/p>\n<p>Valentina est professeur au Conservatoire de Lausanne depuis 2015 et \u00e0 l\u2019Ecole de Musique de Rolle depuis 2013.[\/vc_column_text][\/vc_column_inner][vc_column_inner width=&#8220;1\/4&#8243;][vc_single_image media=&#8220;771&#8243; media_width_percent=&#8220;100&#8243; uncode_shortcode_id=&#8220;137163&#8243;][\/vc_column_inner][\/vc_row_inner][vc_row_inner row_inner_height_percent=&#8220;0&#8243; overlay_alpha=&#8220;50&#8243; gutter_size=&#8220;3&#8243; shift_y=&#8220;0&#8243; z_index=&#8220;0&#8243; uncode_shortcode_id=&#8220;908758&#8243; css=&#8220;.vc_custom_1672966963120{margin-top: 36px !important;}&#8220;][vc_column_inner width=&#8220;3\/4&#8243;][vc_custom_heading uncode_shortcode_id=&#8220;196767&#8243;]Marius Brunner[\/vc_custom_heading][vc_column_text uncode_shortcode_id=&#8220;767218&#8243;]Marius Brunner wurde 1994 in Luzern geboren und studierte an der Hochschule Luzern Musik, in den Hauptf\u00e4chern Trompete, Schulmusik II und Orchesterleitung. Als Orchestermusiker spielt er in verschiedenen nationalen und internationalen Formationen, u.a. der Jungen Philharmonie Zentralschweiz und der Bl\u00e4serphilharmonie Baden-W\u00fcrttemberg (DE). In Luzern besuchte er die Dirigierklasse von Clemens Heil &amp; Franz Schaffner. Anl\u00e4sslich von Meisterkursen und Hochschulprojekten dirigierte Marius Brunner die Filarmonica Banatul Timisoara (RO), den Chor des Collegium Musicum Luzern, die Junge Philharmonie Zentralschweiz, sowie das Kammerensemble der Hochschule Luzern. Marius Brunner ist Gr\u00fcnder und k\u00fcntslerischer Leiter des Kammerorchesters Sinfonietta Lucerne, Dirigent des Blasorchesters Feldmusik Eschenbach und war 2015 Stipendiat des Konservatoriumsvereins Dreilinden Luzern.[\/vc_column_text][\/vc_column_inner][vc_column_inner width=&#8220;1\/4&#8243;][vc_single_image media=&#8220;767&#8243; media_width_percent=&#8220;100&#8243; uncode_shortcode_id=&#8220;806315&#8243;][\/vc_column_inner][\/vc_row_inner][\/vc_tab][vc_tab gutter_size=&#8220;2&#8243; column_padding=&#8220;2&#8243; title=&#8220;Trommeln&#8220; tab_id=&#8220;1672928407815-3-5&#8243;][vc_row_inner][vc_column_inner width=&#8220;3\/4&#8243;][vc_custom_heading uncode_shortcode_id=&#8220;973847&#8243;]Philipp R\u00fctsche[\/vc_custom_heading][vc_column_text uncode_shortcode_id=&#8220;193103&#8243;]Philipp R\u00fctsche erhielt im Alter von 10 Jahren seinen ersten Trommelunterricht bei den Stadttambouren Wil.<\/p>\n<p>In verschiedenen Instrumentalisten- und Dirigent-kursen erlernte er nebst dem Trommeln auch das Handwerk der Blasorchesterdirektion und leitete von 1997 bis 2001 erfolgreich die Musikgesellschaft im sanktgallischen G\u00e4hwil. Von 2003 bis 2014 war er als musikalischer Leiter der Stadttambouren Wil t\u00e4tig.<\/p>\n<p>Seit April 2000 arbeitet Stabsadj Philipp R\u00fctsche als Fachlehrer \u2013 verantwortlich f\u00fcr die Ausbildung der Tambouren der gesamten Schweiz \u2013 im Kompetenzzentrum Milit\u00e4rmusik Aarau. In der Kaderschule der Milit\u00e4rmusik unterrichtet er die angehenden Tambour-Unteroffiziere und bringt ihnen das Handwerk des Tambourenleiters bei.<\/p>\n<p>Seit 2004 entwickelt er als Drummajor die Choreografien des Repr\u00e4sentationsorchesters Schweizer Armeespiel (Swiss Army Central Band) und der Milit\u00e4rmusik-Rekrutenschulen. Das Swiss Army Drum Corps steht ebenfalls unter der Leitung von Philipp R\u00fctsche.<\/p>\n<p>Philipp R\u00fctsche ist regelm\u00e4ssig als Juror und Fach-Experte an regionalen und eidgen\u00f6ssischen Wettspielen im Einsatz und ist somit stark mit der zivilen Trommel- und Parademusikszene verbunden. Im Rahmen seiner langj\u00e4hrigen T\u00e4tigkeit in der Tambourenkommission des STPV ist es ihm ein Anliegen, dem Nachwuchs der Schweizer Trommelszene eine einheitliche und zeitgem\u00e4sse Ausbildung zu erm\u00f6glichen.[\/vc_column_text][\/vc_column_inner][vc_column_inner width=&#8220;1\/4&#8243;][vc_single_image media=&#8220;776&#8243; media_width_percent=&#8220;100&#8243; uncode_shortcode_id=&#8220;515981&#8243;][\/vc_column_inner][\/vc_row_inner][vc_row_inner row_inner_height_percent=&#8220;0&#8243; overlay_alpha=&#8220;50&#8243; gutter_size=&#8220;3&#8243; shift_y=&#8220;0&#8243; z_index=&#8220;0&#8243; uncode_shortcode_id=&#8220;156080&#8243; css=&#8220;.vc_custom_1672967098022{margin-top: 36px !important;}&#8220;][vc_column_inner width=&#8220;3\/4&#8243;][vc_custom_heading uncode_shortcode_id=&#8220;612111&#8243;]Salim Azzouz[\/vc_custom_heading][vc_column_text uncode_shortcode_id=&#8220;152443&#8243;]Geboren: 07.02.1993 in Chur Graub\u00fcnden<\/p>\n<p>Gestartet hat alles im meinem achten Lebensjahr. Nach der Fasnacht in Solothurn habe ich mich f\u00fcr den neuen Jungtambourenkurs des Tambourenverseins Solothurn angemeldet. Seit 2001 bin ich also im Tambourenverein aktiv und habe dort meine ganze Ausbildung gemacht.<\/p>\n<p>Die ersten Wettspielerfahrungen folgten dann im Jahr 2003 in Ittingen. Obwohl ich nicht begeistert war von Wettspielen, sollte im 2005 die Wende kommen. Wie der Zufall es wollte, konnte einer meiner Vereinskammeraden den ersten Platz f\u00fcr sich entscheiden. Von diesem Moment an wusste ich, dass Erfolg mehr mit Fleiss als mit Zufall zu tun hat. Also wollte ich es meinem Kammeraden gleich machen und fing an zu \u00fcben. 2006 gelang mir der Sieg nicht, aber ich konnte einen grandiosen Podestplatz landen und seit dem Tag bin ich im Trommelfieber. Es folgten viele wundersch\u00f6ne Momente, wobei f\u00fcr mich der Sieg am 1.EJTPF Kat. T3 2008 in Rothrist am bewegendsten war. Nach meiner Aktivzeit als Jungtambour ging ich im Sommer 2012 in die Rekrutenschule der Tambouren. Ich konnte mich sogleich nach meiner Aktivzeit bei den Jungen wie auch bei den Alten behaupten und habe noch immer unglaublich viel Spass an den Wettspielen. F\u00fcr mich hat sich der Fokus aber dahin ver\u00e4ndert, dem Trommeln etwas zur\u00fcckzugeben und mitzugestalten. Deshalb habe ich 2017 angefangen eigene St\u00fccke zu komponieren und mich zum Juroren des STPV auszubilden. Im Verein habe ich auch weitere Aufgaben angenommen und leite eine Trommelklasse sowie die Sektion f\u00fcr die Jungtambourenwettspiele. Ich freue mich auf die noch kommende Zeit und w\u00fcnsche allen Wettspielteilnehmern viel Erfolg.[\/vc_column_text][\/vc_column_inner][vc_column_inner width=&#8220;1\/4&#8243;][vc_single_image media=&#8220;778&#8243; media_width_percent=&#8220;100&#8243; uncode_shortcode_id=&#8220;465291&#8243;][\/vc_column_inner][\/vc_row_inner][\/vc_tab][\/vc_tabs][\/vc_column][\/vc_row]<\/p>\n","protected":false},"excerpt":{"rendered":"<p>[vc_row][vc_column width=&#8220;1\/1&#8243;][vc_tabs][vc_tab gutter_size=&#8220;2&#8243; column_padding=&#8220;2&#8243; title=&#8220;Holz&#8220; tab_id=&#8220;1672927963-1-50&#8243;][vc_row_inner][vc_column_inner width=&#8220;3\/4&#8243;][vc_custom_heading uncode_shortcode_id=&#8220;676254&#8243;]Dany Rossier[\/vc_custom_heading][vc_column_text uncode_shortcode_id=&#8220;126765&#8243;]N\u00e9 en 1981 en Valais, Dany Rossier \u00e9tudie la musique d\u00e8s [&hellip;]<\/p>\n","protected":false},"author":1,"featured_media":0,"parent":303,"menu_order":0,"comment_status":"closed","ping_status":"closed","template":"","meta":{"footnotes":""},"class_list":["post-781","page","type-page","status-publish","hentry"],"yoast_head":"<!-- This site is optimized with the Yoast SEO plugin v19.14 - https:\/\/yoast.com\/wordpress\/plugins\/seo\/ -->\n<title>Experten - Kantonaler Freiburger Solistenwettbewerb 2023<\/title>\n<meta name=\"robots\" content=\"noindex, follow, max-snippet:-1, max-image-preview:large, max-video-preview:-1\" \/>\n<meta property=\"og:locale\" content=\"de_DE\" \/>\n<meta property=\"og:type\" content=\"article\" \/>\n<meta property=\"og:title\" content=\"Experten - Kantonaler Freiburger Solistenwettbewerb 2023\" \/>\n<meta property=\"og:description\" content=\"[vc_row][vc_column width=&#8220;1\/1&#8243;][vc_tabs][vc_tab gutter_size=&#8220;2&#8243; column_padding=&#8220;2&#8243; title=&#8220;Holz&#8220; tab_id=&#8220;1672927963-1-50&#8243;][vc_row_inner][vc_column_inner width=&#8220;3\/4&#8243;][vc_custom_heading uncode_shortcode_id=&#8220;676254&#8243;]Dany Rossier[\/vc_custom_heading][vc_column_text uncode_shortcode_id=&#8220;126765&#8243;]N\u00e9 en 1981 en Valais, Dany Rossier \u00e9tudie la musique d\u00e8s [&hellip;]\" \/>\n<meta property=\"og:url\" content=\"https:\/\/ccfs2023.lburgy.ch\/de\/wettbewerb\/experten\/\" \/>\n<meta property=\"og:site_name\" content=\"Kantonaler Freiburger Solistenwettbewerb 2023\" \/>\n<meta property=\"article:publisher\" content=\"https:\/\/www.facebook.com\/Concours-Cantonal-Fribourgeois-de-Solistes-2023-CCFS-2023-104446075781695\" \/>\n<meta property=\"article:modified_time\" content=\"2023-01-06T01:17:21+00:00\" \/>\n<meta name=\"twitter:card\" content=\"summary_large_image\" \/>\n<meta name=\"twitter:label1\" content=\"Gesch\u00e4tzte Lesezeit\" \/>\n\t<meta name=\"twitter:data1\" content=\"17\u00a0Minuten\" \/>\n<script type=\"application\/ld+json\" class=\"yoast-schema-graph\">{\"@context\":\"https:\/\/schema.org\",\"@graph\":[{\"@type\":\"WebPage\",\"@id\":\"https:\/\/ccfs2023.lburgy.ch\/de\/wettbewerb\/experten\/\",\"url\":\"https:\/\/ccfs2023.lburgy.ch\/de\/wettbewerb\/experten\/\",\"name\":\"Experten - Kantonaler Freiburger Solistenwettbewerb 2023\",\"isPartOf\":{\"@id\":\"https:\/\/ccfs2023.lburgy.ch\/de\/#website\"},\"datePublished\":\"2023-01-06T01:15:36+00:00\",\"dateModified\":\"2023-01-06T01:17:21+00:00\",\"breadcrumb\":{\"@id\":\"https:\/\/ccfs2023.lburgy.ch\/de\/wettbewerb\/experten\/#breadcrumb\"},\"inLanguage\":\"de\",\"potentialAction\":[{\"@type\":\"ReadAction\",\"target\":[\"https:\/\/ccfs2023.lburgy.ch\/de\/wettbewerb\/experten\/\"]}]},{\"@type\":\"BreadcrumbList\",\"@id\":\"https:\/\/ccfs2023.lburgy.ch\/de\/wettbewerb\/experten\/#breadcrumb\",\"itemListElement\":[{\"@type\":\"ListItem\",\"position\":1,\"name\":\"Home\",\"item\":\"https:\/\/ccfs2023.lburgy.ch\/de\/home-2\/\"},{\"@type\":\"ListItem\",\"position\":2,\"name\":\"Wettbewerb\",\"item\":\"https:\/\/ccfs2023.lburgy.ch\/de\/wettbewerb\/\"},{\"@type\":\"ListItem\",\"position\":3,\"name\":\"Experten\"}]},{\"@type\":\"WebSite\",\"@id\":\"https:\/\/ccfs2023.lburgy.ch\/de\/#website\",\"url\":\"https:\/\/ccfs2023.lburgy.ch\/de\/\",\"name\":\"Kantonaler Freiburger Solistenwettbewerb 2023\",\"description\":\"\",\"publisher\":{\"@id\":\"https:\/\/ccfs2023.lburgy.ch\/de\/#organization\"},\"potentialAction\":[{\"@type\":\"SearchAction\",\"target\":{\"@type\":\"EntryPoint\",\"urlTemplate\":\"https:\/\/ccfs2023.lburgy.ch\/de\/?s={search_term_string}\"},\"query-input\":\"required name=search_term_string\"}],\"inLanguage\":\"de\"},{\"@type\":\"Organization\",\"@id\":\"https:\/\/ccfs2023.lburgy.ch\/de\/#organization\",\"name\":\"Kantonaler Freiburger Solistenwettbewerb 2023\",\"url\":\"https:\/\/ccfs2023.lburgy.ch\/de\/\",\"logo\":{\"@type\":\"ImageObject\",\"inLanguage\":\"de\",\"@id\":\"https:\/\/ccfs2023.lburgy.ch\/de\/#\/schema\/logo\/image\/\",\"url\":\"https:\/\/ccfs2023.lburgy.ch\/wp-content\/uploads\/2022\/03\/Logo_CCFS-couleur-high_res.png\",\"contentUrl\":\"https:\/\/ccfs2023.lburgy.ch\/wp-content\/uploads\/2022\/03\/Logo_CCFS-couleur-high_res.png\",\"width\":3300,\"height\":1798,\"caption\":\"Kantonaler Freiburger Solistenwettbewerb 2023\"},\"image\":{\"@id\":\"https:\/\/ccfs2023.lburgy.ch\/de\/#\/schema\/logo\/image\/\"},\"sameAs\":[\"https:\/\/www.facebook.com\/Concours-Cantonal-Fribourgeois-de-Solistes-2023-CCFS-2023-104446075781695\"]}]}<\/script>\n<!-- \/ Yoast SEO plugin. -->","yoast_head_json":{"title":"Experten - Kantonaler Freiburger Solistenwettbewerb 2023","robots":{"index":"noindex","follow":"follow","max-snippet":"max-snippet:-1","max-image-preview":"max-image-preview:large","max-video-preview":"max-video-preview:-1"},"og_locale":"de_DE","og_type":"article","og_title":"Experten - Kantonaler Freiburger Solistenwettbewerb 2023","og_description":"[vc_row][vc_column width=&#8220;1\/1&#8243;][vc_tabs][vc_tab gutter_size=&#8220;2&#8243; column_padding=&#8220;2&#8243; title=&#8220;Holz&#8220; tab_id=&#8220;1672927963-1-50&#8243;][vc_row_inner][vc_column_inner width=&#8220;3\/4&#8243;][vc_custom_heading uncode_shortcode_id=&#8220;676254&#8243;]Dany Rossier[\/vc_custom_heading][vc_column_text uncode_shortcode_id=&#8220;126765&#8243;]N\u00e9 en 1981 en Valais, Dany Rossier \u00e9tudie la musique d\u00e8s [&hellip;]","og_url":"https:\/\/ccfs2023.lburgy.ch\/de\/wettbewerb\/experten\/","og_site_name":"Kantonaler Freiburger Solistenwettbewerb 2023","article_publisher":"https:\/\/www.facebook.com\/Concours-Cantonal-Fribourgeois-de-Solistes-2023-CCFS-2023-104446075781695","article_modified_time":"2023-01-06T01:17:21+00:00","twitter_card":"summary_large_image","twitter_misc":{"Gesch\u00e4tzte Lesezeit":"17\u00a0Minuten"},"schema":{"@context":"https:\/\/schema.org","@graph":[{"@type":"WebPage","@id":"https:\/\/ccfs2023.lburgy.ch\/de\/wettbewerb\/experten\/","url":"https:\/\/ccfs2023.lburgy.ch\/de\/wettbewerb\/experten\/","name":"Experten - Kantonaler Freiburger Solistenwettbewerb 2023","isPartOf":{"@id":"https:\/\/ccfs2023.lburgy.ch\/de\/#website"},"datePublished":"2023-01-06T01:15:36+00:00","dateModified":"2023-01-06T01:17:21+00:00","breadcrumb":{"@id":"https:\/\/ccfs2023.lburgy.ch\/de\/wettbewerb\/experten\/#breadcrumb"},"inLanguage":"de","potentialAction":[{"@type":"ReadAction","target":["https:\/\/ccfs2023.lburgy.ch\/de\/wettbewerb\/experten\/"]}]},{"@type":"BreadcrumbList","@id":"https:\/\/ccfs2023.lburgy.ch\/de\/wettbewerb\/experten\/#breadcrumb","itemListElement":[{"@type":"ListItem","position":1,"name":"Home","item":"https:\/\/ccfs2023.lburgy.ch\/de\/home-2\/"},{"@type":"ListItem","position":2,"name":"Wettbewerb","item":"https:\/\/ccfs2023.lburgy.ch\/de\/wettbewerb\/"},{"@type":"ListItem","position":3,"name":"Experten"}]},{"@type":"WebSite","@id":"https:\/\/ccfs2023.lburgy.ch\/de\/#website","url":"https:\/\/ccfs2023.lburgy.ch\/de\/","name":"Kantonaler Freiburger Solistenwettbewerb 2023","description":"","publisher":{"@id":"https:\/\/ccfs2023.lburgy.ch\/de\/#organization"},"potentialAction":[{"@type":"SearchAction","target":{"@type":"EntryPoint","urlTemplate":"https:\/\/ccfs2023.lburgy.ch\/de\/?s={search_term_string}"},"query-input":"required name=search_term_string"}],"inLanguage":"de"},{"@type":"Organization","@id":"https:\/\/ccfs2023.lburgy.ch\/de\/#organization","name":"Kantonaler Freiburger Solistenwettbewerb 2023","url":"https:\/\/ccfs2023.lburgy.ch\/de\/","logo":{"@type":"ImageObject","inLanguage":"de","@id":"https:\/\/ccfs2023.lburgy.ch\/de\/#\/schema\/logo\/image\/","url":"https:\/\/ccfs2023.lburgy.ch\/wp-content\/uploads\/2022\/03\/Logo_CCFS-couleur-high_res.png","contentUrl":"https:\/\/ccfs2023.lburgy.ch\/wp-content\/uploads\/2022\/03\/Logo_CCFS-couleur-high_res.png","width":3300,"height":1798,"caption":"Kantonaler Freiburger Solistenwettbewerb 2023"},"image":{"@id":"https:\/\/ccfs2023.lburgy.ch\/de\/#\/schema\/logo\/image\/"},"sameAs":["https:\/\/www.facebook.com\/Concours-Cantonal-Fribourgeois-de-Solistes-2023-CCFS-2023-104446075781695"]}]}},"_links":{"self":[{"href":"https:\/\/ccfs2023.lburgy.ch\/de\/wp-json\/wp\/v2\/pages\/781","targetHints":{"allow":["GET"]}}],"collection":[{"href":"https:\/\/ccfs2023.lburgy.ch\/de\/wp-json\/wp\/v2\/pages"}],"about":[{"href":"https:\/\/ccfs2023.lburgy.ch\/de\/wp-json\/wp\/v2\/types\/page"}],"author":[{"embeddable":true,"href":"https:\/\/ccfs2023.lburgy.ch\/de\/wp-json\/wp\/v2\/users\/1"}],"replies":[{"embeddable":true,"href":"https:\/\/ccfs2023.lburgy.ch\/de\/wp-json\/wp\/v2\/comments?post=781"}],"version-history":[{"count":6,"href":"https:\/\/ccfs2023.lburgy.ch\/de\/wp-json\/wp\/v2\/pages\/781\/revisions"}],"predecessor-version":[{"id":788,"href":"https:\/\/ccfs2023.lburgy.ch\/de\/wp-json\/wp\/v2\/pages\/781\/revisions\/788"}],"up":[{"embeddable":true,"href":"https:\/\/ccfs2023.lburgy.ch\/de\/wp-json\/wp\/v2\/pages\/303"}],"wp:attachment":[{"href":"https:\/\/ccfs2023.lburgy.ch\/de\/wp-json\/wp\/v2\/media?parent=781"}],"curies":[{"name":"wp","href":"https:\/\/api.w.org\/{rel}","templated":true}]}}