{"id":403,"date":"2022-09-30T19:34:59","date_gmt":"2022-09-30T18:34:59","guid":{"rendered":"https:\/\/development.ccfs2023.ch\/komitee\/"},"modified":"2022-11-28T10:05:48","modified_gmt":"2022-11-28T09:05:48","slug":"komitee","status":"publish","type":"page","link":"https:\/\/ccfs2023.lburgy.ch\/de\/infos\/komitee\/","title":{"rendered":"Komitee"},"content":{"rendered":"<p>[vc_row row_height_percent=&#8220;0&#8243; overlay_alpha=&#8220;50&#8243; gutter_size=&#8220;3&#8243; column_width_percent=&#8220;100&#8243; shift_y=&#8220;0&#8243; z_index=&#8220;0&#8243; uncode_shortcode_id=&#8220;666362&#8243; el_class=&#8220;container-comite&#8220;][vc_column column_width_percent=&#8220;100&#8243; gutter_size=&#8220;3&#8243; overlay_alpha=&#8220;50&#8243; shift_x=&#8220;0&#8243; shift_y=&#8220;0&#8243; shift_y_down=&#8220;0&#8243; z_index=&#8220;0&#8243; medium_width=&#8220;0&#8243; mobile_width=&#8220;0&#8243; width=&#8220;1\/1&#8243; uncode_shortcode_id=&#8220;148756&#8243;][vc_row_inner row_inner_height_percent=&#8220;0&#8243; back_color=&#8220;color-xsdn&#8220; overlay_alpha=&#8220;50&#8243; gutter_size=&#8220;3&#8243; shift_y=&#8220;0&#8243; z_index=&#8220;0&#8243; uncode_shortcode_id=&#8220;265359&#8243; back_color_type=&#8220;uncode-palette&#8220; el_class=&#8220;box-comite&#8220;][vc_column_inner width=&#8220;1\/1&#8243;][vc_custom_heading heading_semantic=&#8220;h4&#8243; text_size=&#8220;h4&#8243; uncode_shortcode_id=&#8220;931662&#8243; subheading=&#8220;Pr\u00e4sidentschaft&#8220;]G\u00e9rald B\u00fcrgy[\/vc_custom_heading][\/vc_column_inner][\/vc_row_inner][vc_row_inner row_inner_height_percent=&#8220;0&#8243; back_color=&#8220;color-xsdn&#8220; overlay_alpha=&#8220;50&#8243; gutter_size=&#8220;3&#8243; shift_y=&#8220;0&#8243; z_index=&#8220;0&#8243; uncode_shortcode_id=&#8220;722449&#8243; back_color_type=&#8220;uncode-palette&#8220; el_class=&#8220;box-comite&#8220;][vc_column_inner width=&#8220;1\/1&#8243;][vc_custom_heading heading_semantic=&#8220;h4&#8243; text_size=&#8220;h4&#8243; uncode_shortcode_id=&#8220;702392&#8243; subheading=&#8220;Personal und Vizepr\u00e4sidentschaft&#8220;]Fanny Bersier[\/vc_custom_heading][\/vc_column_inner][\/vc_row_inner][vc_row_inner row_inner_height_percent=&#8220;0&#8243; back_color=&#8220;color-xsdn&#8220; overlay_alpha=&#8220;50&#8243; gutter_size=&#8220;3&#8243; shift_y=&#8220;0&#8243; z_index=&#8220;0&#8243; uncode_shortcode_id=&#8220;722449&#8243; back_color_type=&#8220;uncode-palette&#8220; el_class=&#8220;box-comite&#8220;][vc_column_inner width=&#8220;1\/1&#8243;][vc_custom_heading heading_semantic=&#8220;h4&#8243; text_size=&#8220;h4&#8243; uncode_shortcode_id=&#8220;184804&#8243; subheading=&#8220;Sekretariat&#8220;]Emilie Maendly[\/vc_custom_heading][\/vc_column_inner][\/vc_row_inner][vc_row_inner row_inner_height_percent=&#8220;0&#8243; back_color=&#8220;color-xsdn&#8220; overlay_alpha=&#8220;50&#8243; gutter_size=&#8220;3&#8243; shift_y=&#8220;0&#8243; z_index=&#8220;0&#8243; uncode_shortcode_id=&#8220;722449&#8243; back_color_type=&#8220;uncode-palette&#8220; el_class=&#8220;box-comite&#8220;][vc_column_inner width=&#8220;1\/1&#8243;][vc_custom_heading heading_semantic=&#8220;h4&#8243; text_size=&#8220;h4&#8243; uncode_shortcode_id=&#8220;817143&#8243; subheading=&#8220;Kasse&#8220;]Lorine Berger[\/vc_custom_heading][\/vc_column_inner][\/vc_row_inner][vc_row_inner row_inner_height_percent=&#8220;0&#8243; back_color=&#8220;color-xsdn&#8220; overlay_alpha=&#8220;50&#8243; gutter_size=&#8220;3&#8243; shift_y=&#8220;0&#8243; z_index=&#8220;0&#8243; uncode_shortcode_id=&#8220;722449&#8243; back_color_type=&#8220;uncode-palette&#8220; el_class=&#8220;box-comite&#8220;][vc_column_inner width=&#8220;1\/1&#8243;][vc_custom_heading heading_semantic=&#8220;h4&#8243; text_size=&#8220;h4&#8243; uncode_shortcode_id=&#8220;195105&#8243; subheading=&#8220;Musik&#8220;]Mathias Gagnaux[\/vc_custom_heading][\/vc_column_inner][\/vc_row_inner][vc_row_inner row_inner_height_percent=&#8220;0&#8243; back_color=&#8220;color-xsdn&#8220; overlay_alpha=&#8220;50&#8243; gutter_size=&#8220;3&#8243; shift_y=&#8220;0&#8243; z_index=&#8220;0&#8243; uncode_shortcode_id=&#8220;722449&#8243; back_color_type=&#8220;uncode-palette&#8220; el_class=&#8220;box-comite&#8220;][vc_column_inner width=&#8220;1\/1&#8243;][vc_custom_heading heading_semantic=&#8220;h4&#8243; text_size=&#8220;h4&#8243; uncode_shortcode_id=&#8220;129190&#8243; subheading=&#8220;Sponsoring&#8220;]Pierre-Alain Maendly[\/vc_custom_heading][\/vc_column_inner][\/vc_row_inner][vc_row_inner row_inner_height_percent=&#8220;0&#8243; back_color=&#8220;color-xsdn&#8220; overlay_alpha=&#8220;50&#8243; gutter_size=&#8220;3&#8243; shift_y=&#8220;0&#8243; z_index=&#8220;0&#8243; uncode_shortcode_id=&#8220;722449&#8243; back_color_type=&#8220;uncode-palette&#8220; el_class=&#8220;box-comite&#8220;][vc_column_inner width=&#8220;1\/1&#8243;][vc_custom_heading heading_semantic=&#8220;h4&#8243; text_size=&#8220;h4&#8243; uncode_shortcode_id=&#8220;964491&#8243; subheading=&#8220;Infrastruktur&#8220;]S\u00e9verine Berger[\/vc_custom_heading][\/vc_column_inner][\/vc_row_inner][vc_row_inner row_inner_height_percent=&#8220;0&#8243; back_color=&#8220;color-xsdn&#8220; overlay_alpha=&#8220;50&#8243; gutter_size=&#8220;3&#8243; shift_y=&#8220;0&#8243; z_index=&#8220;0&#8243; uncode_shortcode_id=&#8220;722449&#8243; back_color_type=&#8220;uncode-palette&#8220; el_class=&#8220;box-comite&#8220;][vc_column_inner width=&#8220;1\/1&#8243;][vc_custom_heading heading_semantic=&#8220;h4&#8243; text_size=&#8220;h4&#8243; uncode_shortcode_id=&#8220;470828&#8243; subheading=&#8220;Subsistenz&#8220;]Alexandre Coucet[\/vc_custom_heading][\/vc_column_inner][\/vc_row_inner][vc_row_inner row_inner_height_percent=&#8220;0&#8243; back_color=&#8220;color-xsdn&#8220; overlay_alpha=&#8220;50&#8243; gutter_size=&#8220;3&#8243; shift_y=&#8220;0&#8243; z_index=&#8220;0&#8243; uncode_shortcode_id=&#8220;722449&#8243; back_color_type=&#8220;uncode-palette&#8220; el_class=&#8220;box-comite&#8220;][vc_column_inner width=&#8220;1\/1&#8243;][vc_custom_heading heading_semantic=&#8220;h4&#8243; text_size=&#8220;h4&#8243; uncode_shortcode_id=&#8220;165599&#8243; subheading=&#8220;Informatik&#8220;]Lucas B\u00fcrgy[\/vc_custom_heading][\/vc_column_inner][\/vc_row_inner][\/vc_column][\/vc_row]<\/p>\n","protected":false},"excerpt":{"rendered":"<p>[vc_row row_height_percent=&#8220;0&#8243; overlay_alpha=&#8220;50&#8243; gutter_size=&#8220;3&#8243; column_width_percent=&#8220;100&#8243; shift_y=&#8220;0&#8243; z_index=&#8220;0&#8243; uncode_shortcode_id=&#8220;666362&#8243; el_class=&#8220;container-comite&#8220;][vc_column column_width_percent=&#8220;100&#8243; gutter_size=&#8220;3&#8243; overlay_alpha=&#8220;50&#8243; shift_x=&#8220;0&#8243; shift_y=&#8220;0&#8243; shift_y_down=&#8220;0&#8243; z_index=&#8220;0&#8243; medium_width=&#8220;0&#8243; mobile_width=&#8220;0&#8243; width=&#8220;1\/1&#8243; uncode_shortcode_id=&#8220;148756&#8243;][vc_row_inner [&hellip;]<\/p>\n","protected":false},"author":1,"featured_media":0,"parent":617,"menu_order":0,"comment_status":"closed","ping_status":"closed","template":"","meta":{"footnotes":""},"class_list":["post-403","page","type-page","status-publish","hentry"],"yoast_head":"<!-- This site is optimized with the Yoast SEO plugin v19.14 - https:\/\/yoast.com\/wordpress\/plugins\/seo\/ -->\n<title>Komitee - Kantonaler Freiburger Solistenwettbewerb 2023<\/title>\n<meta name=\"robots\" content=\"noindex, follow, max-snippet:-1, max-image-preview:large, max-video-preview:-1\" \/>\n<meta property=\"og:locale\" content=\"de_DE\" \/>\n<meta property=\"og:type\" content=\"article\" \/>\n<meta property=\"og:title\" content=\"Komitee - Kantonaler Freiburger Solistenwettbewerb 2023\" \/>\n<meta property=\"og:description\" content=\"[vc_row row_height_percent=&#8220;0&#8243; overlay_alpha=&#8220;50&#8243; gutter_size=&#8220;3&#8243; column_width_percent=&#8220;100&#8243; shift_y=&#8220;0&#8243; z_index=&#8220;0&#8243; uncode_shortcode_id=&#8220;666362&#8243; el_class=&#8220;container-comite&#8220;][vc_column column_width_percent=&#8220;100&#8243; gutter_size=&#8220;3&#8243; overlay_alpha=&#8220;50&#8243; shift_x=&#8220;0&#8243; shift_y=&#8220;0&#8243; shift_y_down=&#8220;0&#8243; z_index=&#8220;0&#8243; medium_width=&#8220;0&#8243; mobile_width=&#8220;0&#8243; width=&#8220;1\/1&#8243; uncode_shortcode_id=&#8220;148756&#8243;][vc_row_inner [&hellip;]\" \/>\n<meta property=\"og:url\" content=\"https:\/\/ccfs2023.lburgy.ch\/de\/infos\/komitee\/\" \/>\n<meta property=\"og:site_name\" content=\"Kantonaler Freiburger Solistenwettbewerb 2023\" \/>\n<meta property=\"article:publisher\" content=\"https:\/\/www.facebook.com\/Concours-Cantonal-Fribourgeois-de-Solistes-2023-CCFS-2023-104446075781695\" \/>\n<meta property=\"article:modified_time\" content=\"2022-11-28T09:05:48+00:00\" \/>\n<meta name=\"twitter:card\" content=\"summary_large_image\" \/>\n<meta name=\"twitter:label1\" content=\"Gesch\u00e4tzte Lesezeit\" \/>\n\t<meta name=\"twitter:data1\" content=\"3\u00a0Minuten\" \/>\n<script type=\"application\/ld+json\" class=\"yoast-schema-graph\">{\"@context\":\"https:\/\/schema.org\",\"@graph\":[{\"@type\":\"WebPage\",\"@id\":\"https:\/\/ccfs2023.lburgy.ch\/de\/infos\/komitee\/\",\"url\":\"https:\/\/ccfs2023.lburgy.ch\/de\/infos\/komitee\/\",\"name\":\"Komitee - Kantonaler Freiburger Solistenwettbewerb 2023\",\"isPartOf\":{\"@id\":\"https:\/\/ccfs2023.lburgy.ch\/de\/#website\"},\"datePublished\":\"2022-09-30T18:34:59+00:00\",\"dateModified\":\"2022-11-28T09:05:48+00:00\",\"breadcrumb\":{\"@id\":\"https:\/\/ccfs2023.lburgy.ch\/de\/infos\/komitee\/#breadcrumb\"},\"inLanguage\":\"de\",\"potentialAction\":[{\"@type\":\"ReadAction\",\"target\":[\"https:\/\/ccfs2023.lburgy.ch\/de\/infos\/komitee\/\"]}]},{\"@type\":\"BreadcrumbList\",\"@id\":\"https:\/\/ccfs2023.lburgy.ch\/de\/infos\/komitee\/#breadcrumb\",\"itemListElement\":[{\"@type\":\"ListItem\",\"position\":1,\"name\":\"Home\",\"item\":\"https:\/\/ccfs2023.lburgy.ch\/de\/home-2\/\"},{\"@type\":\"ListItem\",\"position\":2,\"name\":\"Infos\",\"item\":\"https:\/\/ccfs2023.lburgy.ch\/de\/infos\/\"},{\"@type\":\"ListItem\",\"position\":3,\"name\":\"Komitee\"}]},{\"@type\":\"WebSite\",\"@id\":\"https:\/\/ccfs2023.lburgy.ch\/de\/#website\",\"url\":\"https:\/\/ccfs2023.lburgy.ch\/de\/\",\"name\":\"Kantonaler Freiburger Solistenwettbewerb 2023\",\"description\":\"\",\"publisher\":{\"@id\":\"https:\/\/ccfs2023.lburgy.ch\/de\/#organization\"},\"potentialAction\":[{\"@type\":\"SearchAction\",\"target\":{\"@type\":\"EntryPoint\",\"urlTemplate\":\"https:\/\/ccfs2023.lburgy.ch\/de\/?s={search_term_string}\"},\"query-input\":\"required name=search_term_string\"}],\"inLanguage\":\"de\"},{\"@type\":\"Organization\",\"@id\":\"https:\/\/ccfs2023.lburgy.ch\/de\/#organization\",\"name\":\"Kantonaler Freiburger Solistenwettbewerb 2023\",\"url\":\"https:\/\/ccfs2023.lburgy.ch\/de\/\",\"logo\":{\"@type\":\"ImageObject\",\"inLanguage\":\"de\",\"@id\":\"https:\/\/ccfs2023.lburgy.ch\/de\/#\/schema\/logo\/image\/\",\"url\":\"https:\/\/ccfs2023.lburgy.ch\/wp-content\/uploads\/2022\/03\/Logo_CCFS-couleur-high_res.png\",\"contentUrl\":\"https:\/\/ccfs2023.lburgy.ch\/wp-content\/uploads\/2022\/03\/Logo_CCFS-couleur-high_res.png\",\"width\":3300,\"height\":1798,\"caption\":\"Kantonaler Freiburger Solistenwettbewerb 2023\"},\"image\":{\"@id\":\"https:\/\/ccfs2023.lburgy.ch\/de\/#\/schema\/logo\/image\/\"},\"sameAs\":[\"https:\/\/www.facebook.com\/Concours-Cantonal-Fribourgeois-de-Solistes-2023-CCFS-2023-104446075781695\"]}]}<\/script>\n<!-- \/ Yoast SEO plugin. -->","yoast_head_json":{"title":"Komitee - Kantonaler Freiburger Solistenwettbewerb 2023","robots":{"index":"noindex","follow":"follow","max-snippet":"max-snippet:-1","max-image-preview":"max-image-preview:large","max-video-preview":"max-video-preview:-1"},"og_locale":"de_DE","og_type":"article","og_title":"Komitee - Kantonaler Freiburger Solistenwettbewerb 2023","og_description":"[vc_row row_height_percent=&#8220;0&#8243; overlay_alpha=&#8220;50&#8243; gutter_size=&#8220;3&#8243; column_width_percent=&#8220;100&#8243; shift_y=&#8220;0&#8243; z_index=&#8220;0&#8243; uncode_shortcode_id=&#8220;666362&#8243; el_class=&#8220;container-comite&#8220;][vc_column column_width_percent=&#8220;100&#8243; gutter_size=&#8220;3&#8243; overlay_alpha=&#8220;50&#8243; shift_x=&#8220;0&#8243; shift_y=&#8220;0&#8243; shift_y_down=&#8220;0&#8243; z_index=&#8220;0&#8243; medium_width=&#8220;0&#8243; mobile_width=&#8220;0&#8243; width=&#8220;1\/1&#8243; uncode_shortcode_id=&#8220;148756&#8243;][vc_row_inner [&hellip;]","og_url":"https:\/\/ccfs2023.lburgy.ch\/de\/infos\/komitee\/","og_site_name":"Kantonaler Freiburger Solistenwettbewerb 2023","article_publisher":"https:\/\/www.facebook.com\/Concours-Cantonal-Fribourgeois-de-Solistes-2023-CCFS-2023-104446075781695","article_modified_time":"2022-11-28T09:05:48+00:00","twitter_card":"summary_large_image","twitter_misc":{"Gesch\u00e4tzte Lesezeit":"3\u00a0Minuten"},"schema":{"@context":"https:\/\/schema.org","@graph":[{"@type":"WebPage","@id":"https:\/\/ccfs2023.lburgy.ch\/de\/infos\/komitee\/","url":"https:\/\/ccfs2023.lburgy.ch\/de\/infos\/komitee\/","name":"Komitee - Kantonaler Freiburger Solistenwettbewerb 2023","isPartOf":{"@id":"https:\/\/ccfs2023.lburgy.ch\/de\/#website"},"datePublished":"2022-09-30T18:34:59+00:00","dateModified":"2022-11-28T09:05:48+00:00","breadcrumb":{"@id":"https:\/\/ccfs2023.lburgy.ch\/de\/infos\/komitee\/#breadcrumb"},"inLanguage":"de","potentialAction":[{"@type":"ReadAction","target":["https:\/\/ccfs2023.lburgy.ch\/de\/infos\/komitee\/"]}]},{"@type":"BreadcrumbList","@id":"https:\/\/ccfs2023.lburgy.ch\/de\/infos\/komitee\/#breadcrumb","itemListElement":[{"@type":"ListItem","position":1,"name":"Home","item":"https:\/\/ccfs2023.lburgy.ch\/de\/home-2\/"},{"@type":"ListItem","position":2,"name":"Infos","item":"https:\/\/ccfs2023.lburgy.ch\/de\/infos\/"},{"@type":"ListItem","position":3,"name":"Komitee"}]},{"@type":"WebSite","@id":"https:\/\/ccfs2023.lburgy.ch\/de\/#website","url":"https:\/\/ccfs2023.lburgy.ch\/de\/","name":"Kantonaler Freiburger Solistenwettbewerb 2023","description":"","publisher":{"@id":"https:\/\/ccfs2023.lburgy.ch\/de\/#organization"},"potentialAction":[{"@type":"SearchAction","target":{"@type":"EntryPoint","urlTemplate":"https:\/\/ccfs2023.lburgy.ch\/de\/?s={search_term_string}"},"query-input":"required name=search_term_string"}],"inLanguage":"de"},{"@type":"Organization","@id":"https:\/\/ccfs2023.lburgy.ch\/de\/#organization","name":"Kantonaler Freiburger Solistenwettbewerb 2023","url":"https:\/\/ccfs2023.lburgy.ch\/de\/","logo":{"@type":"ImageObject","inLanguage":"de","@id":"https:\/\/ccfs2023.lburgy.ch\/de\/#\/schema\/logo\/image\/","url":"https:\/\/ccfs2023.lburgy.ch\/wp-content\/uploads\/2022\/03\/Logo_CCFS-couleur-high_res.png","contentUrl":"https:\/\/ccfs2023.lburgy.ch\/wp-content\/uploads\/2022\/03\/Logo_CCFS-couleur-high_res.png","width":3300,"height":1798,"caption":"Kantonaler Freiburger Solistenwettbewerb 2023"},"image":{"@id":"https:\/\/ccfs2023.lburgy.ch\/de\/#\/schema\/logo\/image\/"},"sameAs":["https:\/\/www.facebook.com\/Concours-Cantonal-Fribourgeois-de-Solistes-2023-CCFS-2023-104446075781695"]}]}},"_links":{"self":[{"href":"https:\/\/ccfs2023.lburgy.ch\/de\/wp-json\/wp\/v2\/pages\/403","targetHints":{"allow":["GET"]}}],"collection":[{"href":"https:\/\/ccfs2023.lburgy.ch\/de\/wp-json\/wp\/v2\/pages"}],"about":[{"href":"https:\/\/ccfs2023.lburgy.ch\/de\/wp-json\/wp\/v2\/types\/page"}],"author":[{"embeddable":true,"href":"https:\/\/ccfs2023.lburgy.ch\/de\/wp-json\/wp\/v2\/users\/1"}],"replies":[{"embeddable":true,"href":"https:\/\/ccfs2023.lburgy.ch\/de\/wp-json\/wp\/v2\/comments?post=403"}],"version-history":[{"count":9,"href":"https:\/\/ccfs2023.lburgy.ch\/de\/wp-json\/wp\/v2\/pages\/403\/revisions"}],"predecessor-version":[{"id":619,"href":"https:\/\/ccfs2023.lburgy.ch\/de\/wp-json\/wp\/v2\/pages\/403\/revisions\/619"}],"up":[{"embeddable":true,"href":"https:\/\/ccfs2023.lburgy.ch\/de\/wp-json\/wp\/v2\/pages\/617"}],"wp:attachment":[{"href":"https:\/\/ccfs2023.lburgy.ch\/de\/wp-json\/wp\/v2\/media?parent=403"}],"curies":[{"name":"wp","href":"https:\/\/api.w.org\/{rel}","templated":true}]}}