{"id":335,"date":"2022-09-30T09:32:16","date_gmt":"2022-09-30T08:32:16","guid":{"rendered":"https:\/\/development.ccfs2023.ch\/home-2\/"},"modified":"2023-02-01T02:56:36","modified_gmt":"2023-02-01T01:56:36","slug":"home-2","status":"publish","type":"page","link":"https:\/\/ccfs2023.lburgy.ch\/de\/","title":{"rendered":"Home"},"content":{"rendered":"<p>[vc_row row_height_percent=&#8220;0&#8243; override_padding=&#8220;yes&#8220; h_padding=&#8220;2&#8243; top_padding=&#8220;3&#8243; bottom_padding=&#8220;2&#8243; back_color=&#8220;color-gyho&#8220; overlay_alpha=&#8220;50&#8243; gutter_size=&#8220;3&#8243; column_width_percent=&#8220;100&#8243; shift_y=&#8220;0&#8243; z_index=&#8220;0&#8243; uncode_shortcode_id=&#8220;622029&#8243; back_color_type=&#8220;uncode-palette&#8220; el_class=&#8220;small-margins-top&#8220; shape_dividers=&#8220;&#8220;][vc_column column_width_percent=&#8220;75&#8243; gutter_size=&#8220;3&#8243; style=&#8220;light&#8220; back_color=&#8220;color-xsdn&#8220; overlay_alpha=&#8220;50&#8243; shift_x=&#8220;0&#8243; shift_y=&#8220;0&#8243; shift_y_down=&#8220;0&#8243; z_index=&#8220;0&#8243; medium_width=&#8220;0&#8243; mobile_width=&#8220;0&#8243; width=&#8220;1\/1&#8243; uncode_shortcode_id=&#8220;126928&#8243; back_color_type=&#8220;uncode-palette&#8220;][vc_custom_heading uncode_shortcode_id=&#8220;647491&#8243;]<a href=\"https:\/\/ccfs2023.lburgy.ch\/de\/2023\/02\/01\/danksagung\/\">Danksagung<\/a>[\/vc_custom_heading][vc_column_text uncode_shortcode_id=&#8220;179685&#8243;]Liebe Musiker\u00b7innen,<br \/>\nLiebe Musikliebhaber\u00b7innen,<\/p>\n<p>Der 29. Freiburger Kantonale Solistenwettbewerb ist zu Ende.<\/p>\n<p>Wir m\u00f6chten jedem Teilnehmer herzlich gratulieren.<br \/>\nSie waren mehr als 350 Kandidaten, die sich beworben haben, einige zum ersten Mal und f\u00fcr andere ist die Teilnahme an diesem Wettbewerb schon zur Tradition geworden.<br \/>\nHerzlichen Gl\u00fcckwunsch an alle, unabh\u00e4ngig vom erzielten Ergebnis.[\/vc_column_text][vc_column_text uncode_shortcode_id=&#8220;150776&#8243; el_id=&#8220;read-more-remerciements&#8220;]<a style=\"text-transform: uppercase;\">WEITER LESEN<\/a>[\/vc_column_text][vc_column_text uncode_shortcode_id=&#8220;560676&#8243; el_id=&#8220;text-remerciements&#8220;]DANKE an das Publikum, das gekommen ist, um diesen tapferen und mutigen Kandidaten zu applaudieren und sie anzufeuern.<br \/>\nEltern, Verwandte oder Freunde, Ihre Unterst\u00fctzung w\u00e4hrend des ganzen Jahres ist zweifellos sehr gesch\u00e4tzt und notwendig.<br \/>\nDANKE an die Experten f\u00fcr ihre Bewertungen der Leistungen.<br \/>\nDANKE an die SCMF f\u00fcr das Vertrauen in die Organisation dieses Wettbewerbs, f\u00fcr die wertvolle Zusammenarbeit bei der Vorbereitung und w\u00e4hrend des gesamten Wochenendes.<br \/>\nEin letztes DANKESCH\u00d6N geht an die vielen freiwilligen Helfer, ohne die ein solcher Wettbewerb nicht stattfinden kann.<\/p>\n<p>Wir w\u00fcnschen den Organisatoren viel Erfolg bei der 30. Ausgabe, die in einem Jahr in Attalens stattfinden wird.<\/p>\n<p>G\u00e9rald B\u00fcrgy<br \/>\nOK-Pr\u00e4sident des SKF 2023[\/vc_column_text][\/vc_column][\/vc_row][vc_row unlock_row_content=&#8220;yes&#8220; row_height_percent=&#8220;0&#8243; override_padding=&#8220;yes&#8220; h_padding=&#8220;2&#8243; top_padding=&#8220;2&#8243; bottom_padding=&#8220;0&#8243; back_color=&#8220;color-gyho&#8220; overlay_alpha=&#8220;50&#8243; gutter_size=&#8220;3&#8243; column_width_percent=&#8220;100&#8243; shift_y=&#8220;0&#8243; z_index=&#8220;1&#8243; uncode_shortcode_id=&#8220;140520&#8243; back_color_type=&#8220;uncode-palette&#8220; shape_dividers=&#8220;&#8220;][vc_column column_width_use_pixel=&#8220;yes&#8220; gutter_size=&#8220;3&#8243; overlay_alpha=&#8220;50&#8243; shift_x=&#8220;0&#8243; shift_y=&#8220;0&#8243; shift_y_down=&#8220;0&#8243; z_index=&#8220;0&#8243; medium_width=&#8220;0&#8243; mobile_width=&#8220;0&#8243; width=&#8220;1\/1&#8243; el_class=&#8220;overflow-hidden&#8220; column_width_pixel=&#8220;1300&#8243;][vc_row_inner row_inner_height_percent=&#8220;100&#8243; overlay_alpha=&#8220;50&#8243; equal_height=&#8220;yes&#8220; gutter_size=&#8220;0&#8243; shift_y=&#8220;0&#8243; z_index=&#8220;0&#8243; limit_content=&#8220;&#8220;][vc_column_inner column_width_percent=&#8220;100&#8243; gutter_size=&#8220;3&#8243; override_padding=&#8220;yes&#8220; column_padding=&#8220;4&#8243; style=&#8220;dark&#8220; back_color=&#8220;accent&#8220; overlay_alpha=&#8220;50&#8243; shift_x=&#8220;0&#8243; shift_y=&#8220;0&#8243; shift_y_down=&#8220;0&#8243; z_index=&#8220;0&#8243; medium_width=&#8220;0&#8243; mobile_width=&#8220;0&#8243; width=&#8220;5\/12&#8243; uncode_shortcode_id=&#8220;114186&#8243; back_color_type=&#8220;uncode-palette&#8220;][vc_custom_heading heading_semantic=&#8220;h3&#8243; sub_lead=&#8220;yes&#8220; uncode_shortcode_id=&#8220;187032&#8243;]News[\/vc_custom_heading][\/vc_column_inner][vc_column_inner column_width_percent=&#8220;100&#8243; position_vertical=&#8220;middle&#8220; gutter_size=&#8220;3&#8243; overlay_alpha=&#8220;50&#8243; shift_x=&#8220;0&#8243; shift_y=&#8220;0&#8243; shift_y_down=&#8220;0&#8243; z_index=&#8220;1&#8243; medium_visibility=&#8220;yes&#8220; medium_width=&#8220;0&#8243; mobile_visibility=&#8220;yes&#8220; mobile_width=&#8220;0&#8243; width=&#8220;7\/12&#8243;][\/vc_column_inner][\/vc_row_inner][\/vc_column][\/vc_row][vc_row unlock_row_content=&#8220;yes&#8220; row_height_percent=&#8220;0&#8243; override_padding=&#8220;yes&#8220; h_padding=&#8220;0&#8243; top_padding=&#8220;0&#8243; bottom_padding=&#8220;3&#8243; back_color=&#8220;color-gyho&#8220; overlay_alpha=&#8220;50&#8243; gutter_size=&#8220;3&#8243; column_width_percent=&#8220;100&#8243; shift_y=&#8220;-5&#8243; z_index=&#8220;1&#8243; uncode_shortcode_id=&#8220;203809&#8243; back_color_type=&#8220;uncode-palette&#8220; shape_dividers=&#8220;&#8220;][vc_column column_width_percent=&#8220;100&#8243; gutter_size=&#8220;3&#8243; overlay_alpha=&#8220;50&#8243; shift_x=&#8220;0&#8243; shift_y=&#8220;-3&#8243; shift_y_down=&#8220;0&#8243; z_index=&#8220;0&#8243; medium_width=&#8220;0&#8243; mobile_width=&#8220;0&#8243; width=&#8220;1\/1&#8243;][uncode_index el_id=&#8220;index-1984412&#8243; index_type=&#8220;carousel&#8220; loop=&#8220;size:10|order_by:date|post_type:post|taxonomy_count:10&#8243; carousel_lg=&#8220;1&#8243; carousel_md=&#8220;1&#8243; carousel_sm=&#8220;1&#8243; thumb_size=&#8220;sixteen-nine&#8220; gutter_size=&#8220;3&#8243; post_items=&#8220;date,title,sep-one|full,text|excerpt|100,link|link|small_size|outline&#8220; carousel_height=&#8220;equal&#8220; carousel_interval=&#8220;0&#8243; carousel_navspeed=&#8220;400&#8243; carousel_dots=&#8220;yes&#8220; carousel_dots_mobile=&#8220;yes&#8220; stage_padding=&#8220;75&#8243; single_back_color=&#8220;color-xsdn&#8220; single_overlay_opacity=&#8220;50&#8243; single_image_anim=&#8220;no&#8220; single_padding=&#8220;3&#8243; single_title_dimension=&#8220;h4&#8243; single_shadow=&#8220;yes&#8220; single_border=&#8220;yes&#8220; single_css_animation=&#8220;right-t-left&#8220; single_animation_delay=&#8220;200&#8243; single_animation_first=&#8220;yes&#8220; uncode_shortcode_id=&#8220;167533&#8243;][\/vc_column][\/vc_row][vc_row row_height_percent=&#8220;0&#8243; override_padding=&#8220;yes&#8220; h_padding=&#8220;2&#8243; top_padding=&#8220;5&#8243; bottom_padding=&#8220;5&#8243; back_color=&#8220;accent&#8220; overlay_alpha=&#8220;50&#8243; gutter_size=&#8220;3&#8243; column_width_percent=&#8220;100&#8243; shift_y=&#8220;0&#8243; z_index=&#8220;0&#8243; desktop_visibility=&#8220;yes&#8220; medium_visibility=&#8220;yes&#8220; mobile_visibility=&#8220;yes&#8220; uncode_shortcode_id=&#8220;129290&#8243; back_color_type=&#8220;uncode-palette&#8220;][vc_column column_width_percent=&#8220;100&#8243; gutter_size=&#8220;4&#8243; style=&#8220;light&#8220; overlay_alpha=&#8220;50&#8243; shift_x=&#8220;0&#8243; shift_y=&#8220;0&#8243; shift_y_down=&#8220;0&#8243; z_index=&#8220;0&#8243; medium_width=&#8220;0&#8243; mobile_width=&#8220;0&#8243; width=&#8220;1\/1&#8243;][vc_custom_heading text_color=&#8220;color-xsdn&#8220; heading_semantic=&#8220;h5&#8243; text_size=&#8220;h1&#8243; uncode_shortcode_id=&#8220;921133&#8243; text_color_type=&#8220;uncode-palette&#8220;]Wir brauchen Sie! Wenn Sie zum Gelingen dieses Festes beitragen m\u00f6chten, ist die Anmeldung als Freiwilliger ab sofort m\u00f6glich![\/vc_custom_heading][vc_button button_color=&#8220;color-xsdn&#8220; outline=&#8220;yes&#8220; border_width=&#8220;0&#8243; link=&#8220;url:https%3A%2F%2Fccfs2023.lburgy.ch%2Fde%2Ffreiwillige%2F|title:Mehr%20erfahren|&#8220; uncode_shortcode_id=&#8220;392816&#8243; el_class=&#8220;button-white-accent&#8220; button_color_type=&#8220;uncode-palette&#8220;]Sich anmelden[\/vc_button][\/vc_column][\/vc_row][vc_row row_height_percent=&#8220;0&#8243; override_padding=&#8220;yes&#8220; h_padding=&#8220;2&#8243; top_padding=&#8220;5&#8243; bottom_padding=&#8220;5&#8243; back_color=&#8220;color-wayh&#8220; overlay_alpha=&#8220;50&#8243; gutter_size=&#8220;3&#8243; column_width_percent=&#8220;100&#8243; shift_y=&#8220;0&#8243; z_index=&#8220;0&#8243; uncode_shortcode_id=&#8220;145447&#8243; back_color_type=&#8220;uncode-palette&#8220;][vc_column column_width_percent=&#8220;100&#8243; gutter_size=&#8220;4&#8243; style=&#8220;light&#8220; overlay_alpha=&#8220;50&#8243; shift_x=&#8220;0&#8243; shift_y=&#8220;0&#8243; shift_y_down=&#8220;0&#8243; z_index=&#8220;0&#8243; medium_width=&#8220;0&#8243; mobile_width=&#8220;0&#8243; width=&#8220;1\/1&#8243;][vc_row_inner row_inner_height_percent=&#8220;0&#8243; overlay_alpha=&#8220;50&#8243; gutter_size=&#8220;3&#8243; shift_y=&#8220;0&#8243; z_index=&#8220;0&#8243; limit_content=&#8220;&#8220;][vc_column_inner column_width_percent=&#8220;100&#8243; gutter_size=&#8220;3&#8243; style=&#8220;dark&#8220; overlay_alpha=&#8220;50&#8243; shift_x=&#8220;0&#8243; shift_y=&#8220;0&#8243; shift_y_down=&#8220;0&#8243; z_index=&#8220;0&#8243; medium_width=&#8220;0&#8243; mobile_width=&#8220;0&#8243; width=&#8220;8\/12&#8243;][vc_custom_heading heading_semantic=&#8220;h3&#8243; text_size=&#8220;h1&#8243; uncode_shortcode_id=&#8220;213225&#8243;]29. Freiburger Kantonalen Solistenwettbewerb[\/vc_custom_heading][uncode_countdown size=&#8220;h5&#8243; weight=&#8220;&#8220; transform=&#8220;capitalize&#8220; separator=&#8220;yes&#8220; date=&#8220;2023\/01\/27&#8243;][vc_button outline=&#8220;yes&#8220; border_width=&#8220;0&#8243; link=&#8220;url:https%3A%2F%2Fccfs2023.lburgy.ch%2Fde%2Fwettbewerb%2Fprogramm%2F|title:Programm%20ansehen|&#8220; uncode_shortcode_id=&#8220;197841&#8243;]Programm ansehen[\/vc_button][\/vc_column_inner][vc_column_inner column_width_percent=&#8220;100&#8243; gutter_size=&#8220;1&#8243; style=&#8220;dark&#8220; overlay_alpha=&#8220;50&#8243; shift_x=&#8220;0&#8243; shift_y=&#8220;0&#8243; shift_y_down=&#8220;0&#8243; z_index=&#8220;0&#8243; medium_width=&#8220;0&#8243; mobile_width=&#8220;0&#8243; width=&#8220;4\/12&#8243; uncode_shortcode_id=&#8220;945280&#8243;][vc_icon position=&#8220;left&#8220; title_aligned_icon=&#8220;yes&#8220; icon=&#8220;fa fa-calendar2&#8243; icon_color=&#8220;accent&#8220; size=&#8220;fa-3x&#8220; heading_semantic=&#8220;h4&#8243; text_size=&#8220;h4&#8243; title=&#8220;27.\/28.\/29. Januar&#8220; link=&#8220;|||&#8220; el_class=&#8220;h-icon-home&#8220; uncode_shortcode_id=&#8220;127498&#8243; icon_color_type=&#8220;uncode-palette&#8220;]Von Freitagabend bis Sonntagabend[\/vc_icon][vc_icon position=&#8220;left&#8220; title_aligned_icon=&#8220;yes&#8220; icon=&#8220;fa fa-map-marker&#8220; icon_color=&#8220;accent&#8220; size=&#8220;fa-3x&#8220; heading_semantic=&#8220;h4&#8243; text_size=&#8220;h4&#8243; title=&#8220;1482 Cugy&#8220; link=&#8220;|||&#8220; el_class=&#8220;h-icon-home&#8220; uncode_shortcode_id=&#8220;407314&#8243; icon_color_type=&#8220;uncode-palette&#8220;]<a href=\"https:\/\/ccfs2023.lburgy.ch\/de\/infos\/zutritt\/\">Siehe Zutritt zur Standort<\/a>[\/vc_icon][vc_icon position=&#8220;left&#8220; title_aligned_icon=&#8220;yes&#8220; icon=&#8220;fa fa-users2&#8243; icon_color=&#8220;accent&#8220; size=&#8220;fa-3x&#8220; heading_semantic=&#8220;h4&#8243; text_size=&#8220;h4&#8243; title=&#8220;Mehr als 250 Konkurrenten&#8220; link=&#8220;|||&#8220; el_class=&#8220;h-icon-home&#8220; uncode_shortcode_id=&#8220;678935&#8243; icon_color_type=&#8220;uncode-palette&#8220;]<a href=\"https:\/\/ccfs2023.lburgy.ch\/de\/wettbewerb\/programm\/\">Programm ansehen<\/a><\/p>\n<p>[\/vc_icon][vc_icon position=&#8220;left&#8220; title_aligned_icon=&#8220;yes&#8220; icon=&#8220;fa fa-trophy2&#8243; icon_color=&#8220;accent&#8220; size=&#8220;fa-3x&#8220; heading_semantic=&#8220;h4&#8243; text_size=&#8220;h4&#8243; title=&#8220;Freiburger Meister&#8220; link=&#8220;|||&#8220; el_class=&#8220;h-icon-home&#8220; uncode_shortcode_id=&#8220;159104&#8243; icon_color_type=&#8220;uncode-palette&#8220;]Finale am Sonntag ab 14:30 Uhr<\/p>\n<p>[\/vc_icon][vc_icon position=&#8220;left&#8220; title_aligned_icon=&#8220;yes&#8220; icon=&#8220;fa fa-dinner&#8220; icon_color=&#8220;accent&#8220; size=&#8220;fa-3x&#8220; heading_semantic=&#8220;h4&#8243; text_size=&#8220;h4&#8243; title=&#8220;Verpflegung verf\u00fcgbar&#8220; link=&#8220;|||&#8220; el_class=&#8220;h-icon-home&#8220; uncode_shortcode_id=&#8220;102764&#8243; icon_color_type=&#8220;uncode-palette&#8220;]<a href=\"https:\/\/ccfs2023.lburgy.ch\/de\/infos\/verpflegung\/\">Men\u00fcs ansehen<\/a><\/p>\n<p>[\/vc_icon][\/vc_column_inner][\/vc_row_inner][\/vc_column][\/vc_row]<\/p>\n","protected":false},"excerpt":{"rendered":"<p>[vc_row row_height_percent=&#8220;0&#8243; override_padding=&#8220;yes&#8220; h_padding=&#8220;2&#8243; top_padding=&#8220;3&#8243; bottom_padding=&#8220;2&#8243; back_color=&#8220;color-gyho&#8220; overlay_alpha=&#8220;50&#8243; gutter_size=&#8220;3&#8243; column_width_percent=&#8220;100&#8243; shift_y=&#8220;0&#8243; z_index=&#8220;0&#8243; uncode_shortcode_id=&#8220;622029&#8243; back_color_type=&#8220;uncode-palette&#8220; el_class=&#8220;small-margins-top&#8220; shape_dividers=&#8220;&#8220;][vc_column column_width_percent=&#8220;75&#8243; gutter_size=&#8220;3&#8243; style=&#8220;light&#8220; back_color=&#8220;color-xsdn&#8220; [&hellip;]<\/p>\n","protected":false},"author":1,"featured_media":0,"parent":0,"menu_order":0,"comment_status":"closed","ping_status":"closed","template":"","meta":{"footnotes":""},"class_list":["post-335","page","type-page","status-publish","hentry"],"yoast_head":"<!-- This site is optimized with the Yoast SEO plugin v19.14 - https:\/\/yoast.com\/wordpress\/plugins\/seo\/ -->\n<title>Home - Kantonaler Freiburger Solistenwettbewerb 2023<\/title>\n<meta name=\"robots\" content=\"noindex, follow, max-snippet:-1, max-image-preview:large, max-video-preview:-1\" \/>\n<meta property=\"og:locale\" content=\"de_DE\" \/>\n<meta property=\"og:type\" content=\"article\" \/>\n<meta property=\"og:title\" content=\"Home - Kantonaler Freiburger Solistenwettbewerb 2023\" \/>\n<meta property=\"og:description\" content=\"[vc_row row_height_percent=&#8220;0&#8243; override_padding=&#8220;yes&#8220; h_padding=&#8220;2&#8243; top_padding=&#8220;3&#8243; bottom_padding=&#8220;2&#8243; back_color=&#8220;color-gyho&#8220; overlay_alpha=&#8220;50&#8243; gutter_size=&#8220;3&#8243; column_width_percent=&#8220;100&#8243; shift_y=&#8220;0&#8243; z_index=&#8220;0&#8243; uncode_shortcode_id=&#8220;622029&#8243; back_color_type=&#8220;uncode-palette&#8220; el_class=&#8220;small-margins-top&#8220; shape_dividers=&#8220;&#8220;][vc_column column_width_percent=&#8220;75&#8243; gutter_size=&#8220;3&#8243; style=&#8220;light&#8220; back_color=&#8220;color-xsdn&#8220; [&hellip;]\" \/>\n<meta property=\"og:url\" content=\"https:\/\/ccfs2023.lburgy.ch\/de\/\" \/>\n<meta property=\"og:site_name\" content=\"Kantonaler Freiburger Solistenwettbewerb 2023\" \/>\n<meta property=\"article:publisher\" content=\"https:\/\/www.facebook.com\/Concours-Cantonal-Fribourgeois-de-Solistes-2023-CCFS-2023-104446075781695\" \/>\n<meta property=\"article:modified_time\" content=\"2023-02-01T01:56:36+00:00\" \/>\n<meta name=\"twitter:card\" content=\"summary_large_image\" \/>\n<meta name=\"twitter:label1\" content=\"Gesch\u00e4tzte Lesezeit\" \/>\n\t<meta name=\"twitter:data1\" content=\"6\u00a0Minuten\" \/>\n<script type=\"application\/ld+json\" class=\"yoast-schema-graph\">{\"@context\":\"https:\/\/schema.org\",\"@graph\":[{\"@type\":\"WebPage\",\"@id\":\"https:\/\/ccfs2023.lburgy.ch\/de\/\",\"url\":\"https:\/\/ccfs2023.lburgy.ch\/de\/\",\"name\":\"Home - Kantonaler Freiburger Solistenwettbewerb 2023\",\"isPartOf\":{\"@id\":\"https:\/\/ccfs2023.lburgy.ch\/de\/#website\"},\"datePublished\":\"2022-09-30T08:32:16+00:00\",\"dateModified\":\"2023-02-01T01:56:36+00:00\",\"breadcrumb\":{\"@id\":\"https:\/\/ccfs2023.lburgy.ch\/de\/#breadcrumb\"},\"inLanguage\":\"de\",\"potentialAction\":[{\"@type\":\"ReadAction\",\"target\":[\"https:\/\/ccfs2023.lburgy.ch\/de\/\"]}]},{\"@type\":\"BreadcrumbList\",\"@id\":\"https:\/\/ccfs2023.lburgy.ch\/de\/#breadcrumb\",\"itemListElement\":[{\"@type\":\"ListItem\",\"position\":1,\"name\":\"Home\",\"item\":\"https:\/\/ccfs2023.lburgy.ch\/de\/home-2\/\"},{\"@type\":\"ListItem\",\"position\":2,\"name\":\"Home\"}]},{\"@type\":\"WebSite\",\"@id\":\"https:\/\/ccfs2023.lburgy.ch\/de\/#website\",\"url\":\"https:\/\/ccfs2023.lburgy.ch\/de\/\",\"name\":\"Kantonaler Freiburger Solistenwettbewerb 2023\",\"description\":\"\",\"publisher\":{\"@id\":\"https:\/\/ccfs2023.lburgy.ch\/de\/#organization\"},\"potentialAction\":[{\"@type\":\"SearchAction\",\"target\":{\"@type\":\"EntryPoint\",\"urlTemplate\":\"https:\/\/ccfs2023.lburgy.ch\/de\/?s={search_term_string}\"},\"query-input\":\"required name=search_term_string\"}],\"inLanguage\":\"de\"},{\"@type\":\"Organization\",\"@id\":\"https:\/\/ccfs2023.lburgy.ch\/de\/#organization\",\"name\":\"Kantonaler Freiburger Solistenwettbewerb 2023\",\"url\":\"https:\/\/ccfs2023.lburgy.ch\/de\/\",\"logo\":{\"@type\":\"ImageObject\",\"inLanguage\":\"de\",\"@id\":\"https:\/\/ccfs2023.lburgy.ch\/de\/#\/schema\/logo\/image\/\",\"url\":\"https:\/\/ccfs2023.lburgy.ch\/wp-content\/uploads\/2022\/03\/Logo_CCFS-couleur-high_res.png\",\"contentUrl\":\"https:\/\/ccfs2023.lburgy.ch\/wp-content\/uploads\/2022\/03\/Logo_CCFS-couleur-high_res.png\",\"width\":3300,\"height\":1798,\"caption\":\"Kantonaler Freiburger Solistenwettbewerb 2023\"},\"image\":{\"@id\":\"https:\/\/ccfs2023.lburgy.ch\/de\/#\/schema\/logo\/image\/\"},\"sameAs\":[\"https:\/\/www.facebook.com\/Concours-Cantonal-Fribourgeois-de-Solistes-2023-CCFS-2023-104446075781695\"]}]}<\/script>\n<!-- \/ Yoast SEO plugin. -->","yoast_head_json":{"title":"Home - Kantonaler Freiburger Solistenwettbewerb 2023","robots":{"index":"noindex","follow":"follow","max-snippet":"max-snippet:-1","max-image-preview":"max-image-preview:large","max-video-preview":"max-video-preview:-1"},"og_locale":"de_DE","og_type":"article","og_title":"Home - Kantonaler Freiburger Solistenwettbewerb 2023","og_description":"[vc_row row_height_percent=&#8220;0&#8243; override_padding=&#8220;yes&#8220; h_padding=&#8220;2&#8243; top_padding=&#8220;3&#8243; bottom_padding=&#8220;2&#8243; back_color=&#8220;color-gyho&#8220; overlay_alpha=&#8220;50&#8243; gutter_size=&#8220;3&#8243; column_width_percent=&#8220;100&#8243; shift_y=&#8220;0&#8243; z_index=&#8220;0&#8243; uncode_shortcode_id=&#8220;622029&#8243; back_color_type=&#8220;uncode-palette&#8220; el_class=&#8220;small-margins-top&#8220; shape_dividers=&#8220;&#8220;][vc_column column_width_percent=&#8220;75&#8243; gutter_size=&#8220;3&#8243; style=&#8220;light&#8220; back_color=&#8220;color-xsdn&#8220; [&hellip;]","og_url":"https:\/\/ccfs2023.lburgy.ch\/de\/","og_site_name":"Kantonaler Freiburger Solistenwettbewerb 2023","article_publisher":"https:\/\/www.facebook.com\/Concours-Cantonal-Fribourgeois-de-Solistes-2023-CCFS-2023-104446075781695","article_modified_time":"2023-02-01T01:56:36+00:00","twitter_card":"summary_large_image","twitter_misc":{"Gesch\u00e4tzte Lesezeit":"6\u00a0Minuten"},"schema":{"@context":"https:\/\/schema.org","@graph":[{"@type":"WebPage","@id":"https:\/\/ccfs2023.lburgy.ch\/de\/","url":"https:\/\/ccfs2023.lburgy.ch\/de\/","name":"Home - Kantonaler Freiburger Solistenwettbewerb 2023","isPartOf":{"@id":"https:\/\/ccfs2023.lburgy.ch\/de\/#website"},"datePublished":"2022-09-30T08:32:16+00:00","dateModified":"2023-02-01T01:56:36+00:00","breadcrumb":{"@id":"https:\/\/ccfs2023.lburgy.ch\/de\/#breadcrumb"},"inLanguage":"de","potentialAction":[{"@type":"ReadAction","target":["https:\/\/ccfs2023.lburgy.ch\/de\/"]}]},{"@type":"BreadcrumbList","@id":"https:\/\/ccfs2023.lburgy.ch\/de\/#breadcrumb","itemListElement":[{"@type":"ListItem","position":1,"name":"Home","item":"https:\/\/ccfs2023.lburgy.ch\/de\/home-2\/"},{"@type":"ListItem","position":2,"name":"Home"}]},{"@type":"WebSite","@id":"https:\/\/ccfs2023.lburgy.ch\/de\/#website","url":"https:\/\/ccfs2023.lburgy.ch\/de\/","name":"Kantonaler Freiburger Solistenwettbewerb 2023","description":"","publisher":{"@id":"https:\/\/ccfs2023.lburgy.ch\/de\/#organization"},"potentialAction":[{"@type":"SearchAction","target":{"@type":"EntryPoint","urlTemplate":"https:\/\/ccfs2023.lburgy.ch\/de\/?s={search_term_string}"},"query-input":"required name=search_term_string"}],"inLanguage":"de"},{"@type":"Organization","@id":"https:\/\/ccfs2023.lburgy.ch\/de\/#organization","name":"Kantonaler Freiburger Solistenwettbewerb 2023","url":"https:\/\/ccfs2023.lburgy.ch\/de\/","logo":{"@type":"ImageObject","inLanguage":"de","@id":"https:\/\/ccfs2023.lburgy.ch\/de\/#\/schema\/logo\/image\/","url":"https:\/\/ccfs2023.lburgy.ch\/wp-content\/uploads\/2022\/03\/Logo_CCFS-couleur-high_res.png","contentUrl":"https:\/\/ccfs2023.lburgy.ch\/wp-content\/uploads\/2022\/03\/Logo_CCFS-couleur-high_res.png","width":3300,"height":1798,"caption":"Kantonaler Freiburger Solistenwettbewerb 2023"},"image":{"@id":"https:\/\/ccfs2023.lburgy.ch\/de\/#\/schema\/logo\/image\/"},"sameAs":["https:\/\/www.facebook.com\/Concours-Cantonal-Fribourgeois-de-Solistes-2023-CCFS-2023-104446075781695"]}]}},"_links":{"self":[{"href":"https:\/\/ccfs2023.lburgy.ch\/de\/wp-json\/wp\/v2\/pages\/335","targetHints":{"allow":["GET"]}}],"collection":[{"href":"https:\/\/ccfs2023.lburgy.ch\/de\/wp-json\/wp\/v2\/pages"}],"about":[{"href":"https:\/\/ccfs2023.lburgy.ch\/de\/wp-json\/wp\/v2\/types\/page"}],"author":[{"embeddable":true,"href":"https:\/\/ccfs2023.lburgy.ch\/de\/wp-json\/wp\/v2\/users\/1"}],"replies":[{"embeddable":true,"href":"https:\/\/ccfs2023.lburgy.ch\/de\/wp-json\/wp\/v2\/comments?post=335"}],"version-history":[{"count":42,"href":"https:\/\/ccfs2023.lburgy.ch\/de\/wp-json\/wp\/v2\/pages\/335\/revisions"}],"predecessor-version":[{"id":1936,"href":"https:\/\/ccfs2023.lburgy.ch\/de\/wp-json\/wp\/v2\/pages\/335\/revisions\/1936"}],"wp:attachment":[{"href":"https:\/\/ccfs2023.lburgy.ch\/de\/wp-json\/wp\/v2\/media?parent=335"}],"curies":[{"name":"wp","href":"https:\/\/api.w.org\/{rel}","templated":true}]}}